{"id":75683,"date":"2025-09-23T10:50:52","date_gmt":"2025-09-23T08:50:52","guid":{"rendered":"https:\/\/paule-vasseur.com\/?page_id=75683"},"modified":"2025-10-03T17:15:41","modified_gmt":"2025-10-03T15:15:41","slug":"sophie-gayot-habillee-par-paule-vasseur","status":"publish","type":"page","link":"https:\/\/paule-vasseur.com\/it\/sophie-gayot-habillee-par-paule-vasseur.htm","title":{"rendered":"Sophie Gayot vestita da Paule Vasseur"},"content":{"rendered":"<div class=\"wp-block-image\">\n<figure class=\"aligncenter size-full is-resized\"><img loading=\"lazy\" decoding=\"async\" width=\"1160\" height=\"100\" src=\"https:\/\/paule-vasseur.com\/wp-content\/uploads\/2025\/09\/double_ligne-removebg-preview.png\" alt=\"\" class=\"wp-image-69230\" style=\"width:414px;height:auto\" srcset=\"https:\/\/paule-vasseur.com\/wp-content\/uploads\/2025\/09\/double_ligne-removebg-preview.png 1160w, https:\/\/paule-vasseur.com\/wp-content\/uploads\/2025\/09\/double_ligne-removebg-preview-500x43.png 500w, https:\/\/paule-vasseur.com\/wp-content\/uploads\/2025\/09\/double_ligne-removebg-preview-1024x88.png 1024w, https:\/\/paule-vasseur.com\/wp-content\/uploads\/2025\/09\/double_ligne-removebg-preview-768x66.png 768w, https:\/\/paule-vasseur.com\/wp-content\/uploads\/2025\/09\/double_ligne-removebg-preview-650x56.png 650w\" sizes=\"auto, (max-width: 1160px) 100vw, 1160px\" \/><\/figure>\n<\/div>\n\n\n<h2 class=\"wp-block-heading\">I tailleur pantalone chic e d'alta moda indossati da Sophie Gayot<\/h2>\n\n\n<style>.wp-block-kadence-advancedgallery .kb-gallery-type-grid.kb-gallery-id-75683_f3bc62-c7{margin:-5px;}.kb-gallery-type-grid.kb-gallery-id-75683_f3bc62-c7 .kadence-blocks-gallery-item{padding:5px;}.kb-gallery-id-75683_f3bc62-c7 .kadence-blocks-gallery-item .kb-gal-image-radius, .kb-gallery-id-75683_f3bc62-c7 .kb-slide-item .kb-gal-image-radius img{border-radius:0px 0px 0px 0px;;}<\/style><div class=\"kb-gallery-wrap-id-75683_f3bc62-c7 alignnone wp-block-kadence-advancedgallery\"><ul class=\"kb-gallery-ul kb-gallery-non-static kb-gallery-type-grid kb-gallery-id-75683_f3bc62-c7 kb-gallery-caption-style-bottom-hover kb-gallery-filter-none\" data-image-filter=\"none\" data-item-selector=\".kadence-blocks-gallery-item\" data-lightbox-caption=\"true\" data-columns-xxl=\"3\" data-columns-xl=\"3\" data-columns-md=\"3\" data-columns-sm=\"2\" data-columns-xs=\"1\" data-columns-ss=\"1\"><li class=\"kadence-blocks-gallery-item\" tabindex=\"0\"><div class=\"kadence-blocks-gallery-item-inner\"><figure class=\"kb-gallery-figure kadence-blocks-gallery-item-hide-caption\"><div class=\"kb-gal-image-radius\"><div class=\"kb-gallery-image-contain kadence-blocks-gallery-intrinsic kb-gallery-image-ratio-land32 kb-has-image-ratio-land32\" ><img loading=\"lazy\" decoding=\"async\" src=\"https:\/\/paule-vasseur.com\/wp-content\/uploads\/2025\/09\/Sophie-Gayot-habillee-en-Paule-Vasseur-Paris.jpg\" width=\"550\" height=\"413\" alt=\"\" data-full-image=\"https:\/\/paule-vasseur.com\/wp-content\/uploads\/2025\/09\/Sophie-Gayot-habillee-en-Paule-Vasseur-Paris.jpg\" data-light-image=\"https:\/\/paule-vasseur.com\/wp-content\/uploads\/2025\/09\/Sophie-Gayot-habillee-en-Paule-Vasseur-Paris.jpg\" data-id=\"75685\" class=\"wp-image-75685\" srcset=\"https:\/\/paule-vasseur.com\/wp-content\/uploads\/2025\/09\/Sophie-Gayot-habillee-en-Paule-Vasseur-Paris.jpg 550w, https:\/\/paule-vasseur.com\/wp-content\/uploads\/2025\/09\/Sophie-Gayot-habillee-en-Paule-Vasseur-Paris-500x375.jpg 500w\" sizes=\"auto, (max-width: 550px) 100vw, 550px\" \/><\/div><\/div><\/figure><\/div><\/li><li class=\"kadence-blocks-gallery-item\" tabindex=\"0\"><div class=\"kadence-blocks-gallery-item-inner\"><figure class=\"kb-gallery-figure kadence-blocks-gallery-item-hide-caption\"><div class=\"kb-gal-image-radius\"><div class=\"kb-gallery-image-contain kadence-blocks-gallery-intrinsic kb-gallery-image-ratio-land32 kb-has-image-ratio-land32\" ><img loading=\"lazy\" decoding=\"async\" src=\"https:\/\/paule-vasseur.com\/wp-content\/uploads\/2025\/09\/Sophie-Gayot-en-bustier-Paule-Vasseur-aux-cotes-de-Celine-Dion.jpg\" width=\"550\" height=\"412\" alt=\"\" data-full-image=\"https:\/\/paule-vasseur.com\/wp-content\/uploads\/2025\/09\/Sophie-Gayot-en-bustier-Paule-Vasseur-aux-cotes-de-Celine-Dion.jpg\" data-light-image=\"https:\/\/paule-vasseur.com\/wp-content\/uploads\/2025\/09\/Sophie-Gayot-en-bustier-Paule-Vasseur-aux-cotes-de-Celine-Dion.jpg\" data-id=\"75684\" class=\"wp-image-75684\" srcset=\"https:\/\/paule-vasseur.com\/wp-content\/uploads\/2025\/09\/Sophie-Gayot-en-bustier-Paule-Vasseur-aux-cotes-de-Celine-Dion.jpg 550w, https:\/\/paule-vasseur.com\/wp-content\/uploads\/2025\/09\/Sophie-Gayot-en-bustier-Paule-Vasseur-aux-cotes-de-Celine-Dion-500x375.jpg 500w\" sizes=\"auto, (max-width: 550px) 100vw, 550px\" \/><\/div><\/div><\/figure><\/div><\/li><li class=\"kadence-blocks-gallery-item\" tabindex=\"0\"><div class=\"kadence-blocks-gallery-item-inner\"><figure class=\"kb-gallery-figure kadence-blocks-gallery-item-hide-caption\"><div class=\"kb-gal-image-radius\"><div class=\"kb-gallery-image-contain kadence-blocks-gallery-intrinsic kb-gallery-image-ratio-land32 kb-has-image-ratio-land32\" ><img loading=\"lazy\" decoding=\"async\" src=\"https:\/\/paule-vasseur.com\/wp-content\/uploads\/2025\/09\/Sphie-Gayot-habillee-en-Paule-Vasseur-a-Versailles-dans-la-galerie-des-glace.jpg\" width=\"500\" height=\"375\" alt=\"\" data-full-image=\"https:\/\/paule-vasseur.com\/wp-content\/uploads\/2025\/09\/Sphie-Gayot-habillee-en-Paule-Vasseur-a-Versailles-dans-la-galerie-des-glace.jpg\" data-light-image=\"https:\/\/paule-vasseur.com\/wp-content\/uploads\/2025\/09\/Sphie-Gayot-habillee-en-Paule-Vasseur-a-Versailles-dans-la-galerie-des-glace.jpg\" data-id=\"75686\" class=\"wp-image-75686\"\/><\/div><\/div><\/figure><\/div><\/li><\/ul><\/div>\n\n\n<p>Scoprite la nuova collezione di abiti da cerimonia!<br>La nuova collezione si concentra su abiti in cr\u00eape morbidi e fluidi, e abbiamo progettato una gamma di tagli per garantire che ce ne sia uno adatto alla vostra corporatura. Se state cercando un abito per il matrimonio di vostro figlio, un abito da cerimonia, un abito da risposo o un abito da matrimonio civile, abbiamo qualcosa per voi.<\/p>\n\n\n\n<div class=\"wp-block-group\" style=\"padding-top:0;padding-right:0;padding-bottom:0;padding-left:0\"><div class=\"wp-block-group__inner-container is-layout-constrained wp-container-core-group-is-layout-c6b4b7cd wp-block-group-is-layout-constrained\"><div class=\"wp-block-image\">\n<figure class=\"aligncenter size-full\"><img loading=\"lazy\" decoding=\"async\" width=\"166\" height=\"110\" src=\"https:\/\/paule-vasseur.com\/wp-content\/uploads\/2025\/09\/cropped-cropped-logonew2018-2-1.webp\" alt=\"\" class=\"wp-image-69239\"\/><\/figure>\n<\/div>\n\n\n<p class=\"has-text-align-center\">Avete una cerimonia?<br>Parliamone.<\/p>\n\n\n\n<div class=\"wp-block-buttons is-vertical is-content-justification-center is-layout-flex wp-container-core-buttons-is-layout-63e38172 wp-block-buttons-is-layout-flex\">\n<div class=\"wp-block-button is-style-fill\"><a class=\"wp-block-button__link has-text-align-center wp-element-button\" href=\"https:\/\/paule-vasseur.com\/it\/contatto-htm\/\">Contattateci<\/a><\/div>\n<\/div>\n\n\n<style>.wp-block-kadence-spacer.kt-block-spacer-69247_ec675a-41 .kt-block-spacer{height:20px;}.wp-block-kadence-spacer.kt-block-spacer-69247_ec675a-41 .kt-divider{border-top-width:1px;height:1px;border-top-color:#eee;width:80%;border-top-style:solid;}<\/style>\n<div class=\"wp-block-kadence-spacer aligncenter kt-block-spacer-69247_ec675a-41\"><div class=\"kt-block-spacer kt-block-spacer-halign-center\"><\/div><\/div>\n<\/div><\/div>","protected":false},"excerpt":{"rendered":"<p>Les tailleurs pantalons habill\u00e9s chics et couture port\u00e9s par Sophie Gayot D\u00e9couvrez&nbsp;la nouvelle collection de robes de c\u00e9r\u00e9monie&nbsp;!Les&nbsp;robes fluides et souples en cr\u00eape sont au coeur de la nouvelle collection.Nos coupes sont&nbsp;\u00e9tudi\u00e9es et il y en a forc\u00e9ment une pour votre morphologie. Que vous recherchiez une robe pour le mariage de votre enfant, une robe&#8230;<\/p>","protected":false},"author":1,"featured_media":0,"parent":0,"menu_order":0,"comment_status":"closed","ping_status":"closed","template":"","meta":{"_kadence_starter_templates_imported_post":false,"_kad_post_transparent":"","_kad_post_title":"","_kad_post_layout":"","_kad_post_sidebar_id":"","_kad_post_content_style":"","_kad_post_vertical_padding":"","_kad_post_feature":"","_kad_post_feature_position":"","_kad_post_header":false,"_kad_post_footer":false,"_kad_post_classname":"","footnotes":""},"folder":[4181],"class_list":["post-75683","page","type-page","status-publish","hentry"],"yoast_head":"<!-- This site is optimized with the Yoast SEO plugin v27.5 - https:\/\/yoast.com\/product\/yoast-seo-wordpress\/ -->\n<title>Sophie Gayot Habill\u00e9e par Paule Vasseur - PAULE VASSEUR<\/title>\n<meta name=\"description\" content=\"D\u00e9couvrez notre ambassadrice Sophie Gayot vivant entre Los Angel\u00e8s et Paris habill\u00e9e par Paule Vasseur depuis 2002 . Sophie nous fait confiance pour ses soir\u00e9es professionnelles et ses cocktails et porte haut nos couleurs et celles de la France \u00e0 Paris et en Californie.Retrouvez Sophie sur GAYOT.COM .\" \/>\n<meta name=\"robots\" content=\"index, follow, max-snippet:-1, max-image-preview:large, max-video-preview:-1\" \/>\n<link rel=\"canonical\" href=\"https:\/\/paule-vasseur.com\/it\/sophie-gayot-vestita-da-paule-vasseur-htm\" \/>\n<meta property=\"og:locale\" content=\"it_IT\" \/>\n<meta property=\"og:type\" content=\"article\" \/>\n<meta property=\"og:title\" content=\"Sophie Gayot Habill\u00e9e par Paule Vasseur - PAULE VASSEUR\" \/>\n<meta property=\"og:description\" content=\"D\u00e9couvrez notre ambassadrice Sophie Gayot vivant entre Los Angel\u00e8s et Paris habill\u00e9e par Paule Vasseur depuis 2002 . Sophie nous fait confiance pour ses soir\u00e9es professionnelles et ses cocktails et porte haut nos couleurs et celles de la France \u00e0 Paris et en Californie.Retrouvez Sophie sur GAYOT.COM .\" \/>\n<meta property=\"og:url\" content=\"https:\/\/paule-vasseur.com\/it\/sophie-gayot-vestita-da-paule-vasseur-htm\" \/>\n<meta property=\"og:site_name\" content=\"PAULE VASSEUR\" \/>\n<meta property=\"article:modified_time\" content=\"2025-10-03T15:15:41+00:00\" \/>\n<meta property=\"og:image\" content=\"https:\/\/paule-vasseur.com\/wp-content\/uploads\/2025\/09\/double_ligne-removebg-preview.png\" \/>\n\t<meta property=\"og:image:width\" content=\"1160\" \/>\n\t<meta property=\"og:image:height\" content=\"100\" \/>\n\t<meta property=\"og:image:type\" content=\"image\/png\" \/>\n<meta name=\"twitter:card\" content=\"summary_large_image\" \/>\n<meta name=\"twitter:label1\" content=\"Tempo di lettura stimato\" \/>\n\t<meta name=\"twitter:data1\" content=\"1 minuto\" \/>\n<script type=\"application\/ld+json\" class=\"yoast-schema-graph\">{\"@context\":\"https:\\\/\\\/schema.org\",\"@graph\":[{\"@type\":\"WebPage\",\"@id\":\"https:\\\/\\\/paule-vasseur.com\\\/it\\\/sophie-gayot-habillee-par-paule-vasseur.htm\",\"url\":\"https:\\\/\\\/paule-vasseur.com\\\/it\\\/sophie-gayot-habillee-par-paule-vasseur.htm\",\"name\":\"Sophie Gayot Habill\u00e9e par Paule Vasseur - PAULE VASSEUR\",\"isPartOf\":{\"@id\":\"https:\\\/\\\/paule-vasseur.com\\\/it\\\/#website\"},\"primaryImageOfPage\":{\"@id\":\"https:\\\/\\\/paule-vasseur.com\\\/it\\\/sophie-gayot-habillee-par-paule-vasseur.htm#primaryimage\"},\"image\":{\"@id\":\"https:\\\/\\\/paule-vasseur.com\\\/it\\\/sophie-gayot-habillee-par-paule-vasseur.htm#primaryimage\"},\"thumbnailUrl\":\"https:\\\/\\\/paule-vasseur.com\\\/wp-content\\\/uploads\\\/2025\\\/09\\\/double_ligne-removebg-preview.png\",\"datePublished\":\"2025-09-23T08:50:52+00:00\",\"dateModified\":\"2025-10-03T15:15:41+00:00\",\"description\":\"D\u00e9couvrez notre ambassadrice Sophie Gayot vivant entre Los Angel\u00e8s et Paris habill\u00e9e par Paule Vasseur depuis 2002 . Sophie nous fait confiance pour ses soir\u00e9es professionnelles et ses cocktails et porte haut nos couleurs et celles de la France \u00e0 Paris et en Californie.Retrouvez Sophie sur GAYOT.COM .\",\"breadcrumb\":{\"@id\":\"https:\\\/\\\/paule-vasseur.com\\\/it\\\/sophie-gayot-habillee-par-paule-vasseur.htm#breadcrumb\"},\"inLanguage\":\"it-IT\",\"potentialAction\":[{\"@type\":\"ReadAction\",\"target\":[\"https:\\\/\\\/paule-vasseur.com\\\/it\\\/sophie-gayot-habillee-par-paule-vasseur.htm\"]}]},{\"@type\":\"ImageObject\",\"inLanguage\":\"it-IT\",\"@id\":\"https:\\\/\\\/paule-vasseur.com\\\/it\\\/sophie-gayot-habillee-par-paule-vasseur.htm#primaryimage\",\"url\":\"https:\\\/\\\/paule-vasseur.com\\\/wp-content\\\/uploads\\\/2025\\\/09\\\/double_ligne-removebg-preview.png\",\"contentUrl\":\"https:\\\/\\\/paule-vasseur.com\\\/wp-content\\\/uploads\\\/2025\\\/09\\\/double_ligne-removebg-preview.png\"},{\"@type\":\"BreadcrumbList\",\"@id\":\"https:\\\/\\\/paule-vasseur.com\\\/it\\\/sophie-gayot-habillee-par-paule-vasseur.htm#breadcrumb\",\"itemListElement\":[{\"@type\":\"ListItem\",\"position\":1,\"name\":\"Accueil\",\"item\":\"https:\\\/\\\/paule-vasseur.com\\\/\"},{\"@type\":\"ListItem\",\"position\":2,\"name\":\"Sophie Gayot Habill\u00e9e par Paule Vasseur\"}]},{\"@type\":\"WebSite\",\"@id\":\"https:\\\/\\\/paule-vasseur.com\\\/it\\\/#website\",\"url\":\"https:\\\/\\\/paule-vasseur.com\\\/it\\\/\",\"name\":\"RIDEAUX COUTURE\",\"description\":\"\",\"publisher\":{\"@id\":\"https:\\\/\\\/paule-vasseur.com\\\/it\\\/#organization\"},\"potentialAction\":[{\"@type\":\"SearchAction\",\"target\":{\"@type\":\"EntryPoint\",\"urlTemplate\":\"https:\\\/\\\/paule-vasseur.com\\\/it\\\/?s={search_term_string}\"},\"query-input\":{\"@type\":\"PropertyValueSpecification\",\"valueRequired\":true,\"valueName\":\"search_term_string\"}}],\"inLanguage\":\"it-IT\"},{\"@type\":\"Organization\",\"@id\":\"https:\\\/\\\/paule-vasseur.com\\\/it\\\/#organization\",\"name\":\"RIDEAUX COUTURE\",\"url\":\"https:\\\/\\\/paule-vasseur.com\\\/it\\\/\",\"logo\":{\"@type\":\"ImageObject\",\"inLanguage\":\"it-IT\",\"@id\":\"https:\\\/\\\/paule-vasseur.com\\\/it\\\/#\\\/schema\\\/logo\\\/image\\\/\",\"url\":\"https:\\\/\\\/paule-vasseur.com\\\/wp-content\\\/uploads\\\/2025\\\/09\\\/cropped-cropped-logonew2018-2.webp\",\"contentUrl\":\"https:\\\/\\\/paule-vasseur.com\\\/wp-content\\\/uploads\\\/2025\\\/09\\\/cropped-cropped-logonew2018-2.webp\",\"width\":166,\"height\":110,\"caption\":\"RIDEAUX COUTURE\"},\"image\":{\"@id\":\"https:\\\/\\\/paule-vasseur.com\\\/it\\\/#\\\/schema\\\/logo\\\/image\\\/\"}}]}<\/script>\n<!-- \/ Yoast SEO plugin. -->","yoast_head_json":{"title":"Sophie Gayot vestita da Paule Vasseur - PAULE VASSEUR","description":"Scoprite la nostra ambasciatrice Sophie Gayot, che vive tra Los Angeles e Parigi ed \u00e8 vestita da Paule Vasseur dal 2002. Sophie si affida a noi per le sue feste e i suoi cocktail professionali e indossa i nostri colori e quelli della Francia a Parigi e in California. Trovate Sophie su GAYOT.COM .","robots":{"index":"index","follow":"follow","max-snippet":"max-snippet:-1","max-image-preview":"max-image-preview:large","max-video-preview":"max-video-preview:-1"},"canonical":"https:\/\/paule-vasseur.com\/it\/sophie-gayot-vestita-da-paule-vasseur-htm","og_locale":"it_IT","og_type":"article","og_title":"Sophie Gayot Habill\u00e9e par Paule Vasseur - PAULE VASSEUR","og_description":"D\u00e9couvrez notre ambassadrice Sophie Gayot vivant entre Los Angel\u00e8s et Paris habill\u00e9e par Paule Vasseur depuis 2002 . Sophie nous fait confiance pour ses soir\u00e9es professionnelles et ses cocktails et porte haut nos couleurs et celles de la France \u00e0 Paris et en Californie.Retrouvez Sophie sur GAYOT.COM .","og_url":"https:\/\/paule-vasseur.com\/it\/sophie-gayot-vestita-da-paule-vasseur-htm","og_site_name":"PAULE VASSEUR","article_modified_time":"2025-10-03T15:15:41+00:00","og_image":[{"width":1160,"height":100,"url":"https:\/\/paule-vasseur.com\/wp-content\/uploads\/2025\/09\/double_ligne-removebg-preview.png","type":"image\/png"}],"twitter_card":"summary_large_image","twitter_misc":{"Tempo di lettura stimato":"1 minuto"},"schema":{"@context":"https:\/\/schema.org","@graph":[{"@type":"WebPage","@id":"https:\/\/paule-vasseur.com\/it\/sophie-gayot-habillee-par-paule-vasseur.htm","url":"https:\/\/paule-vasseur.com\/it\/sophie-gayot-habillee-par-paule-vasseur.htm","name":"Sophie Gayot vestita da Paule Vasseur - PAULE VASSEUR","isPartOf":{"@id":"https:\/\/paule-vasseur.com\/it\/#website"},"primaryImageOfPage":{"@id":"https:\/\/paule-vasseur.com\/it\/sophie-gayot-habillee-par-paule-vasseur.htm#primaryimage"},"image":{"@id":"https:\/\/paule-vasseur.com\/it\/sophie-gayot-habillee-par-paule-vasseur.htm#primaryimage"},"thumbnailUrl":"https:\/\/paule-vasseur.com\/wp-content\/uploads\/2025\/09\/double_ligne-removebg-preview.png","datePublished":"2025-09-23T08:50:52+00:00","dateModified":"2025-10-03T15:15:41+00:00","description":"Scoprite la nostra ambasciatrice Sophie Gayot, che vive tra Los Angeles e Parigi ed \u00e8 vestita da Paule Vasseur dal 2002. Sophie si affida a noi per le sue feste e i suoi cocktail professionali e indossa i nostri colori e quelli della Francia a Parigi e in California. Trovate Sophie su GAYOT.COM .","breadcrumb":{"@id":"https:\/\/paule-vasseur.com\/it\/sophie-gayot-habillee-par-paule-vasseur.htm#breadcrumb"},"inLanguage":"it-IT","potentialAction":[{"@type":"ReadAction","target":["https:\/\/paule-vasseur.com\/it\/sophie-gayot-habillee-par-paule-vasseur.htm"]}]},{"@type":"ImageObject","inLanguage":"it-IT","@id":"https:\/\/paule-vasseur.com\/it\/sophie-gayot-habillee-par-paule-vasseur.htm#primaryimage","url":"https:\/\/paule-vasseur.com\/wp-content\/uploads\/2025\/09\/double_ligne-removebg-preview.png","contentUrl":"https:\/\/paule-vasseur.com\/wp-content\/uploads\/2025\/09\/double_ligne-removebg-preview.png"},{"@type":"BreadcrumbList","@id":"https:\/\/paule-vasseur.com\/it\/sophie-gayot-habillee-par-paule-vasseur.htm#breadcrumb","itemListElement":[{"@type":"ListItem","position":1,"name":"Accueil","item":"https:\/\/paule-vasseur.com\/"},{"@type":"ListItem","position":2,"name":"Sophie Gayot Habill\u00e9e par Paule Vasseur"}]},{"@type":"WebSite","@id":"https:\/\/paule-vasseur.com\/it\/#website","url":"https:\/\/paule-vasseur.com\/it\/","name":"TENDAGGI CUCITI SU MISURA","description":"","publisher":{"@id":"https:\/\/paule-vasseur.com\/it\/#organization"},"potentialAction":[{"@type":"SearchAction","target":{"@type":"EntryPoint","urlTemplate":"https:\/\/paule-vasseur.com\/it\/?s={search_term_string}"},"query-input":{"@type":"PropertyValueSpecification","valueRequired":true,"valueName":"search_term_string"}}],"inLanguage":"it-IT"},{"@type":"Organization","@id":"https:\/\/paule-vasseur.com\/it\/#organization","name":"TENDAGGI CUCITI SU MISURA","url":"https:\/\/paule-vasseur.com\/it\/","logo":{"@type":"ImageObject","inLanguage":"it-IT","@id":"https:\/\/paule-vasseur.com\/it\/#\/schema\/logo\/image\/","url":"https:\/\/paule-vasseur.com\/wp-content\/uploads\/2025\/09\/cropped-cropped-logonew2018-2.webp","contentUrl":"https:\/\/paule-vasseur.com\/wp-content\/uploads\/2025\/09\/cropped-cropped-logonew2018-2.webp","width":166,"height":110,"caption":"RIDEAUX COUTURE"},"image":{"@id":"https:\/\/paule-vasseur.com\/it\/#\/schema\/logo\/image\/"}}]}},"_links":{"self":[{"href":"https:\/\/paule-vasseur.com\/it\/wp-json\/wp\/v2\/pages\/75683","targetHints":{"allow":["GET"]}}],"collection":[{"href":"https:\/\/paule-vasseur.com\/it\/wp-json\/wp\/v2\/pages"}],"about":[{"href":"https:\/\/paule-vasseur.com\/it\/wp-json\/wp\/v2\/types\/page"}],"author":[{"embeddable":true,"href":"https:\/\/paule-vasseur.com\/it\/wp-json\/wp\/v2\/users\/1"}],"replies":[{"embeddable":true,"href":"https:\/\/paule-vasseur.com\/it\/wp-json\/wp\/v2\/comments?post=75683"}],"version-history":[{"count":5,"href":"https:\/\/paule-vasseur.com\/it\/wp-json\/wp\/v2\/pages\/75683\/revisions"}],"predecessor-version":[{"id":78348,"href":"https:\/\/paule-vasseur.com\/it\/wp-json\/wp\/v2\/pages\/75683\/revisions\/78348"}],"wp:attachment":[{"href":"https:\/\/paule-vasseur.com\/it\/wp-json\/wp\/v2\/media?parent=75683"}],"wp:term":[{"taxonomy":"folder","embeddable":true,"href":"https:\/\/paule-vasseur.com\/it\/wp-json\/wp\/v2\/folder?post=75683"}],"curies":[{"name":"wp","href":"https:\/\/api.w.org\/{rel}","templated":true}]}}